{"id":2679,"date":"2026-07-21T09:42:03","date_gmt":"2026-07-21T07:42:03","guid":{"rendered":"https:\/\/venditum.ch\/formations\/specialiste-en-vente-marketing\/"},"modified":"2026-07-21T09:42:03","modified_gmt":"2026-07-21T07:42:03","slug":"specialiste-en-vente-marketing","status":"publish","type":"formation","link":"https:\/\/venditum.ch\/formations\/specialiste-en-vente-marketing\/","title":{"rendered":"Sp\u00e9cialiste en Vente\/Marketing"},"content":{"rendered":"<p>Reconnue au niveau national, cette formation vous permet de ma\u00eetriser les fondamentaux de la strat\u00e9gie commerciale, de la n\u00e9gociation, du marketing et de la gestion de client\u00e8le, avec une approche et des outils directement applicables. Une formation intensive, ax\u00e9e sur la pratique et la pr\u00e9paration aux examens \u00e9crits et oraux, pour maximiser vos chances de succ\u00e8s.<\/p>\n","protected":false},"excerpt":{"rendered":"<p>Un dipl\u00f4me de r\u00e9f\u00e9rence pour propulser votre carri\u00e8re en Suisse.<\/p>\n","protected":false},"featured_media":0,"menu_order":0,"template":"","type_formation":[45],"class_list":["post-2679","formation","type-formation","status-publish","hentry","type_formation-brevet-federal"],"acf":[],"_links":{"self":[{"href":"https:\/\/venditum.ch\/json\/wp\/v2\/formation\/2679","targetHints":{"allow":["GET"]}}],"collection":[{"href":"https:\/\/venditum.ch\/json\/wp\/v2\/formation"}],"about":[{"href":"https:\/\/venditum.ch\/json\/wp\/v2\/types\/formation"}],"wp:attachment":[{"href":"https:\/\/venditum.ch\/json\/wp\/v2\/media?parent=2679"}],"wp:term":[{"taxonomy":"type_formation","embeddable":true,"href":"https:\/\/venditum.ch\/json\/wp\/v2\/type_formation?post=2679"}],"curies":[{"name":"wp","href":"https:\/\/api.w.org\/{rel}","templated":true}]}}