{"id":2680,"date":"2026-07-21T09:42:03","date_gmt":"2026-07-21T07:42:03","guid":{"rendered":"https:\/\/venditum.ch\/formations\/diplome-federal-et-titre-dexpert-en-sales-digital\/"},"modified":"2026-07-21T09:42:03","modified_gmt":"2026-07-21T07:42:03","slug":"diplome-federal-et-titre-dexpert-en-sales-digital","status":"publish","type":"formation","link":"https:\/\/venditum.ch\/formations\/diplome-federal-et-titre-dexpert-en-sales-digital\/","title":{"rendered":"Dipl\u00f4me F\u00e9d\u00e9ral et titre d\u2019Expert en Sales &amp; Digital"},"content":{"rendered":"<p>Cette formation intensive de 360h est sp\u00e9cialement organis\u00e9e pour \u00eatre concili\u00e9e avec votre emploi. Apprenez aupr\u00e8s des meilleurs experts pour ma\u00eetriser les enjeux du commerce de demain, de la strat\u00e9gie traditionnelle \u00e0 l&rsquo;innovation digitale<\/p>\n","protected":false},"excerpt":{"rendered":"<p>Propulsez votre carri\u00e8re avec une double certification unique.<\/p>\n","protected":false},"featured_media":0,"menu_order":1,"template":"","type_formation":[45],"class_list":["post-2680","formation","type-formation","status-publish","hentry","type_formation-brevet-federal"],"acf":[],"_links":{"self":[{"href":"https:\/\/venditum.ch\/json\/wp\/v2\/formation\/2680","targetHints":{"allow":["GET"]}}],"collection":[{"href":"https:\/\/venditum.ch\/json\/wp\/v2\/formation"}],"about":[{"href":"https:\/\/venditum.ch\/json\/wp\/v2\/types\/formation"}],"wp:attachment":[{"href":"https:\/\/venditum.ch\/json\/wp\/v2\/media?parent=2680"}],"wp:term":[{"taxonomy":"type_formation","embeddable":true,"href":"https:\/\/venditum.ch\/json\/wp\/v2\/type_formation?post=2680"}],"curies":[{"name":"wp","href":"https:\/\/api.w.org\/{rel}","templated":true}]}}