{"id":6,"date":"2022-02-04T18:43:29","date_gmt":"2022-02-04T17:43:29","guid":{"rendered":"https:\/\/venditum.ch\/?page_id=6"},"modified":"2025-11-03T13:21:10","modified_gmt":"2025-11-03T12:21:10","slug":"accueil","status":"publish","type":"page","link":"https:\/\/venditum.ch\/","title":{"rendered":"Accueil"},"content":{"rendered":"\n<h2>\n\t\t\tACTUALIT\u00c9S\t<\/h2>\n\t<meta itemscope itemprop=\"mainEntityOfPage\" itemtype=\"https:\/\/schema.org\/WebPage\" itemid=\"https:\/\/venditum.ch\/actualites\/evenement-dejeuners-by-venditum-section-de-geneve\/\" content=\"\u00c9v\u00e9nement &#8211;  D\u00e9jeuners d\u00e9couvertes by Venditum &#8211; Section de Gen\u00e8ve\" \/><meta itemprop=\"datePublished\" content=\"2025-10-08\" \/><meta itemprop=\"dateModified\" content=\"2025-10-09\" \/><meta itemprop=\"name\" content=\"Venditum\"\/><meta itemprop=\"url\" content=\"https:\/\/venditum.ch\/author\/romainmolinier\/\" \/><meta itemprop=\"name\" content=\"Romain Molinier\" \/><meta itemprop=\"interactionType\" content=\"https:\/\/schema.org\/CommentAction\" \/><meta itemprop=\"userInteractionCount\" content=\"0\" \/>\n        <img decoding=\"async\" src=\"https:\/\/venditum.ch\/wp-content\/uploads\/actu-site-30-octobre.jpg\"\/>\n        <h2>\u00c9v\u00e9nement &#8211;  D\u00e9jeuners d\u00e9couvertes by Venditum &#8211; Section de Gen\u00e8ve<\/h2>\n        <blockquote>\nLe jeudi 30 octobre, de 12h \u00e0 14h, la section genevoise de Venditum vous invite \u00e0 un d\u00e9jeuner-conf\u00e9rence exceptionnel au <strong data-start=\"1381\" data-end=\"1405\">Restaurant La Tenuta<\/strong>, sur le th\u00e8me du <strong data-start=\"1423\" data-end=\"1447\">bien-\u00eatre au travail<\/strong>.\nAnim\u00e9e par <strong data-start=\"1461\" data-end=\"1479\">Annika M\u00e5nsson<\/strong>, CEO, Executive Coach-Trainer &amp; Speaker chez <em data-start=\"1525\" data-end=\"1540\">Happy at Work<\/em>, cette rencontre vous permettra de d\u00e9couvrir les cl\u00e9s d&rsquo;un bien-\u00eatre individuel et collectif au service d&rsquo;une performance durable. \u00c0 travers ses recherches et son exp\u00e9rience, Annika partagera des outils concrets pour inspirer, outiller et mobiliser vos \u00e9quipes autour d&rsquo;une nouvelle vision du travail.\nLes places sont limit\u00e9es !<br \/>\n(Inscription obligatoire*)\n<\/blockquote>\n\n     <button><a href=\"https:\/\/infomaniak.events\/fr-ch\/conferences\/les-dejeuners-decouvertes-by-venditum-geneve-bien-etre-au-travail-votre-plus-grand-levier-de-performance\/05027f75-6487-4146-9e9b-e393ecc9b9b8\/event\/1519136\" target=\"_blank\" rel=\"noopener\">En Savoir Plus<\/a><\/button>\n\t<meta itemscope itemprop=\"mainEntityOfPage\" itemtype=\"https:\/\/schema.org\/WebPage\" itemid=\"https:\/\/venditum.ch\/actualites\/partenariat-venditum-x-css-assurance\/\" content=\"Partenariat VENDITUM X CSS Assurance\" \/><meta itemprop=\"datePublished\" content=\"2025-10-06\" \/><meta itemprop=\"dateModified\" content=\"2025-10-06\" \/><meta itemprop=\"name\" content=\"Venditum\"\/><meta itemprop=\"url\" content=\"https:\/\/venditum.ch\/author\/romainmolinier\/\" \/><meta itemprop=\"name\" content=\"Romain Molinier\" \/><meta itemprop=\"interactionType\" content=\"https:\/\/schema.org\/CommentAction\" \/><meta itemprop=\"userInteractionCount\" content=\"0\" \/>\n        <img decoding=\"async\" src=\"https:\/\/venditum.ch\/wp-content\/uploads\/actu-site-1.jpg\"\/>\n        <h2>Partenariat VENDITUM X CSS Assurance<\/h2>\n        <p>Bonne nouvelle !<\/p>\n<p>Les membres Venditum, leurs conjoints.e.s ainsi que leurs enfants de moins de 25 ans pourront b\u00e9n\u00e9ficier de rabais sur leurs primes d&rsquo;assurance maladie compl\u00e9mentaire en 2026\u00a0avec la <a tabindex=\"0\" href=\"https:\/\/www.linkedin.com\/company\/css_ch\/\" target=\"_self\" data-test-app-aware-link=\"\" rel=\"noopener\">CSS<\/a> ! Un avantage concret qui s&rsquo;inscrit dans la volont\u00e9 de partage de notre association.<\/p>\n\ud83d\udc49 Jusqu&rsquo;\u00e0 9 % sur les assurances sant\u00e9 compl\u00e9mentaires<br \/>\n\ud83d\udc49 +10 % sur d&rsquo;autres produits (m\u00e9nage, RC, b\u00e2timent&#8230;)\n<p>D\u00e8s 2026, profitez de rabais exclusifs sur les assurances compl\u00e9mentaires CSS pour vous et votre famille.<\/p>\n\n     <button><a href=\"https:\/\/www.css.ch\/fr\/clients-prives.html?tid=154788&#038;campaignid=15001&#038;websiteid=1015&#038;gclsrc=aw.ds&#038;&#038;kw=css&#038;gad_source=1&#038;gad_campaignid=180906829&#038;gbraid=0AAAAADxNO5vvdxQLOi9GkJ6xipg0UfQn5&#038;gclid=Cj0KCQjw0Y3HBhCxARIsAN7931W5Aeo_XV1mthH84PvLHe6F1U_tpJXndlsCD29wfAGvdVXxgQglAAsaAuJ4EALw_wcB\" target=\"_blank\" rel=\"noopener\">En Savoir Plus<\/a><\/button>\n\t<meta itemscope itemprop=\"mainEntityOfPage\" itemtype=\"https:\/\/schema.org\/WebPage\" itemid=\"https:\/\/venditum.ch\/actualites\/venditum-la-rentree-des-reseauteurs-edition-2025\/\" content=\"Venditum &#038; La Rentr\u00e9e des R\u00e9seauteurs &#8211; \u00e9dition 2025 !\" \/><meta itemprop=\"datePublished\" content=\"2025-10-06\" \/><meta itemprop=\"dateModified\" content=\"2025-10-06\" \/><meta itemprop=\"name\" content=\"Venditum\"\/><meta itemprop=\"url\" content=\"https:\/\/venditum.ch\/author\/romainmolinier\/\" \/><meta itemprop=\"name\" content=\"Romain Molinier\" \/><meta itemprop=\"interactionType\" content=\"https:\/\/schema.org\/CommentAction\" \/><meta itemprop=\"userInteractionCount\" content=\"0\" \/>\n        <img decoding=\"async\" src=\"https:\/\/venditum.ch\/wp-content\/uploads\/Rdr-actu-site.jpg\"\/>\n        <h2>Venditum &#038; La Rentr\u00e9e des R\u00e9seauteurs &#8211; \u00e9dition 2025 !<\/h2>\n        <p><strong>Un grand MERCI ! <\/strong><\/p>\n<p>Cette ann\u00e9e encore <strong>La Rentr\u00e9e des R\u00e9seauteurs<\/strong> a \u00e9t\u00e9 l&rsquo;occasion id\u00e9ale de retrouver l&rsquo;\u00e9nergie et la convivialit\u00e9 qui font la force de ces belles soir\u00e9es de r\u00e9seautage !<\/p>\n<p>Un immense merci \u00e0 toutes les personnes pr\u00e9sentes aux soir\u00e9es de Gen\u00e8ve le 28 ao\u00fbt et de Lausanne la 11 septembre et tout particuli\u00e8rement aux membres de Venditum pour leur pr\u00e9sence et leur engagement. Ces moments de partage, d\u00e9montre la richesse et la diversit\u00e9 du r\u00e9seau en Suisse romande.<\/p>\n<p>\ud83e\udd1d Merci \u00e9galement \u00e0 toute l&rsquo;\u00e9quipe de la Rentr\u00e9e des R\u00e9seauteurs &#8211; Alexis Jacques, Odia Bibita Iswala &#8211; qui chaque ann\u00e9e \u0153uvre pour faire grandir la communaut\u00e9 et le nombre d&rsquo;associations pr\u00e9sentes.<\/p>\n<p>H\u00e2te de de vous retrouver lors des prochains \u00e9v\u00e9nements !<\/p>\n\n\t<meta itemscope itemprop=\"mainEntityOfPage\" itemtype=\"https:\/\/schema.org\/WebPage\" itemid=\"https:\/\/venditum.ch\/actualites\/evenement-venditum-mafondue-ch-06-novembre-2025\/\" content=\"\u00c9v\u00e9nement Venditum &#038; Mafondue.ch &#8211; 06 novembre 2025\" \/><meta itemprop=\"datePublished\" content=\"2025-09-10\" \/><meta itemprop=\"dateModified\" content=\"2025-09-10\" \/><meta itemprop=\"name\" content=\"Venditum\"\/><meta itemprop=\"url\" content=\"https:\/\/venditum.ch\/author\/romainmolinier\/\" \/><meta itemprop=\"name\" content=\"Romain Molinier\" \/><meta itemprop=\"interactionType\" content=\"https:\/\/schema.org\/CommentAction\" \/><meta itemprop=\"userInteractionCount\" content=\"0\" \/>\n        <img decoding=\"async\" src=\"https:\/\/venditum.ch\/wp-content\/uploads\/actu-site-mafondue.jpg\"\/>\n        <h2>\u00c9v\u00e9nement Venditum &#038; Mafondue.ch &#8211; 06 novembre 2025<\/h2>\n        <blockquote>\n<p>Rejoignez-nous pour un \u00e9v\u00e9nement gourmand avec la visite de l&rsquo;entreprise, une pr\u00e9sentation par <strong>Fabien Vall\u00e9lian<\/strong><strong>, directeur et fondateur<\/strong>, et une d\u00e9gustation de fondue.<\/p>\n<p>Une occasion unique de s&rsquo;immerger dans l&rsquo;histoire d&rsquo;une entreprise innovante, qui trouve ses racines dans la fondation de La Laiterie Moderne en 1905 \u00e0 Bulle !<\/p>\n<\/blockquote>\n<p>Nous nous r\u00e9jouissons de vous accueillir !<\/p>\n<p>Les places sont limit\u00e9es, inscription-ci dessous<\/p>\n\n     <button><a href=\"https:\/\/infomaniak.events\/fr-ch\/conferences\/evenement-venditum-mafonduech\/ae07888a-7ae5-44e2-bd3c-638ae73ac09a\/\" target=\"_blank\" rel=\"noopener\">En Savoir Plus<\/a><\/button>\n\t<meta itemscope itemprop=\"mainEntityOfPage\" itemtype=\"https:\/\/schema.org\/WebPage\" itemid=\"https:\/\/venditum.ch\/actualites\/formez-vous-venditum-vous-soutient\/\" content=\"Formez-vous, Venditum vous soutient !\" \/><meta itemprop=\"datePublished\" content=\"2025-05-28\" \/><meta itemprop=\"dateModified\" content=\"2025-05-28\" \/><meta itemprop=\"name\" content=\"Venditum\"\/><meta itemprop=\"url\" content=\"https:\/\/venditum.ch\/author\/romainmolinier\/\" \/><meta itemprop=\"name\" content=\"Romain Molinier\" \/><meta itemprop=\"interactionType\" content=\"https:\/\/schema.org\/CommentAction\" \/><meta itemprop=\"userInteractionCount\" content=\"0\" \/>\n        <img decoding=\"async\" src=\"https:\/\/venditum.ch\/wp-content\/uploads\/actu-site-.jpg\"\/>\n        <h2>Formez-vous, Venditum vous soutient !<\/h2>\n        <blockquote>\n<p>Gr\u00e2ce \u00e0 nos partenariats exclusifs avec les meilleurs instituts de formation, les membres Venditum b\u00e9n\u00e9ficient de tarifs pr\u00e9f\u00e9rentiels exceptionnels sur les cours menant aux\u00a0<strong>brevets et dipl\u00f4mes f\u00e9d\u00e9raux en vente et marketing<\/strong>.<\/p>\n<\/blockquote>\n<p>\ud83d\udc49\u00a0Jusqu&rsquo;\u00e0\u00a0<strong>CHF 6&rsquo;188.- d&rsquo;\u00e9conomie directe<\/strong>\u00a0selon l&rsquo;institut de formation, et\u00a0<strong>50% rembours\u00e9s par la Conf\u00e9d\u00e9ration<\/strong>\u00a0(SEFRI).<\/p>\n<p>Venditum prend \u00e9galement en charge <strong>jusqu&rsquo;\u00e0 CHF 1&rsquo;000.-<\/strong>\u00a0de frais d&rsquo;examen pour le Brevet f\u00e9d\u00e9ral, et\u00a0<strong>CHF 500.-<\/strong>pour les autres formations certifiantes.<\/p>\n<p><strong>Cantons de<\/strong>\u00a0<strong>Vaud et Gen\u00e8ve<\/strong>: des soutiens cantonaux suppl\u00e9mentaires sont possibles.<\/p>\n<p>Pour plus d&rsquo;infos sur les subventions SEFRI<\/p>\n\n     <button><a href=\"https:\/\/www.sbfi.admin.ch\/sbfi\/fr\/home\/formation\/fpc\/fps\/contributions.html\" target=\"_blank\" rel=\"noopener\">En Savoir Plus<\/a><\/button>\n\t<meta itemscope itemprop=\"mainEntityOfPage\" itemtype=\"https:\/\/schema.org\/WebPage\" itemid=\"https:\/\/venditum.ch\/actualites\/journal-infos-vente-mai\/\" content=\"Journal &#8211; INFOS Vente Novembre\" \/><meta itemprop=\"datePublished\" content=\"2025-05-05\" \/><meta itemprop=\"dateModified\" content=\"2025-10-30\" \/><meta itemprop=\"name\" content=\"Venditum\"\/><meta itemprop=\"url\" content=\"https:\/\/venditum.ch\/author\/romainmolinier\/\" \/><meta itemprop=\"name\" content=\"Romain Molinier\" \/><meta itemprop=\"interactionType\" content=\"https:\/\/schema.org\/CommentAction\" \/><meta itemprop=\"userInteractionCount\" content=\"0\" \/>\n        <img decoding=\"async\" src=\"https:\/\/venditum.ch\/wp-content\/uploads\/Novembre-2025-min.png\"\/>\n        <h2>Journal &#8211; INFOS Vente Novembre<\/h2>\n        <p><strong>SE FORMER OU S&rsquo;ENDORMIR ?<\/strong><\/p>\n<p>Encourager et accompagner les professionnels de la vente dans leur mont\u00e9e en comp\u00e9tences n&rsquo;est pas une option. C&rsquo;est une responsabilit\u00e9 strat\u00e9gique. Car dans un monde o\u00f9 les march\u00e9s, les outils et les attentes des clients \u00e9voluent \u00e0 la vitesse de la lumi\u00e8re, celui qui ne se forme pas<\/p>\n<p>finit t\u00f4t ou tard par d\u00e9crocher. Venditum, fond\u00e9e en 1883, n&rsquo;a jamais cess\u00e9 de d\u00e9fendre cette conviction : le savoir est un levier de r\u00e9ussite, pas un luxe.<\/p>\n\n     <button><a href=\"https:\/\/venditum.ch\/journal\/\" target=\"_blank\" rel=\"noopener\">En Savoir Plus<\/a><\/button>\n\t<style>\n  .video-container {\n    position: relative;\n    max-width: 70vw;\n    width: 100%;\n    aspect-ratio: 16 \/ 9;\n    overflow: hidden;\n    margin: 0 auto;\n  }\n  .poster-placeholder,\n  video,\n  .overlay {\n    position: absolute;\n    top: 0;\n    left: 0;\n    width: 100%;\n    height: 100%;\n    object-fit: cover;\n  }\n  .poster-placeholder {\n    z-index: 1;\n    display: block;\n    object-fit: cover;\n    transform: scale(1.01);\n  }\n  .video-container video {\n    z-index: 2;\n    display: none;\n  }\n  .video-play-button {\n    position: absolute;\n    cursor: pointer;\n    z-index: 4;\n    top: 50%;\n    left: 50%;\n    transform: translate(-50%, -50%);\n    box-sizing: content-box;\n    display: block;\n    width: 32px;\n    height: 44px;\n    border-radius: 50%;\n    padding: 18px 20px 18px 28px;\n    box-shadow: rgb(0 0 0 \/ 100%) 0px 0px 94px;\n  }\n  .video-play-button:before {\n    content: \"\";\n    position: absolute;\n    z-index: 0;\n    left: 50%;\n    top: 50%;\n    transform: translate(-50%, -50%);\n    display: block;\n    width: 80px;\n    height: 80px;\n    background: #d71e31;\n    border-radius: 50%;\n    animation: pulse-border 1500ms ease-out infinite;\n  }\n  .video-play-button:after {\n    content: \"\";\n    position: absolute;\n    z-index: 1;\n    left: 50%;\n    top: 50%;\n    transform: translate(-50%, -50%);\n    display: block;\n    width: 80px;\n    height: 80px;\n    background: #d71e31;\n    border-radius: 50%;\n    transition: all 200ms;\n  }\n  .video-play-button:hover:after {\n    background-color: #d9162f;\n  }\n  .video-play-button span {\n    display: block;\n    position: relative;\n    z-index: 3;\n    width: 0;\n    height: 0;\n    border-left: 32px solid #fff;\n    border-top: 22px solid transparent;\n    border-bottom: 22px solid transparent;\n  }\n  @keyframes pulse-border {\n    0% {\n      transform: translate(-50%, -50%) scale(1);\n      opacity: 1;\n    }\n    100% {\n      transform: translate(-50%, -50%) scale(1.5);\n      opacity: 0;\n    }\n  }\n  .hidden {\n    display: none;\n  }\n  @media screen and (max-width: 768px) {\n    .video-play-button {\n      transform: translate(-50%, -50%) scale(0.75) !important;\n    }\n    .video-container {\n      width: 90vw !important;\n    }\n  }\n<\/style>\n  <img decoding=\"async\" id=\"poster\"\n    src=\"https:\/\/venditum.ch\/wp-content\/uploads\/Venditum_VL-scaled.jpg\"\n    alt=\"Poster\"\n  \/>\n  <video\n    id=\"myVideo\"\n    src=\"https:\/\/venditum.ch\/wp-content\/uploads\/Venditum_VL.mp4\"\n    controls>\n    Your browser does not support the video tag.\n  <\/video>\n  <a id=\"play-video\">\n  <\/a>\n<h2>\n\t\t\tQUI SOMMES-NOUS ?\t<\/h2>\n\t\t\t\t<img decoding=\"async\" src=\"https:\/\/venditum.ch\/wp-content\/uploads\/2022\/04\/img_01.jpg\" alt=\"img_01\" itemprop=\"image\" height=\"342\" width=\"404\" title=\"img_01\" onerror=\"this.style.display='none'\" loading=\"lazy\" \/>\n\t<p>Depuis 1883, Venditum rassemble les professionnels.le.s de la vente et du marketing en Suisse romande et au Tessin.<\/p>\n<p>Fond\u00e9e sur des valeurs de\u00a0<strong>solidarit\u00e9 et de convivialit\u00e9<\/strong>\u00a0, notre association a \u00e9volu\u00e9 pour r\u00e9pondre aux besoins de la profession. Depuis 2022, nous sommes devenus\u00a0<strong>VENDITUM<\/strong> , Association suisse de vente et marketing, succ\u00e9dant \u00e0 la FAIR (F\u00e9d\u00e9ration des Agents Ind\u00e9pendants et Repr\u00e9sentants). Bas\u00e9e \u00e0 Gen\u00e8ve, notre structure comprend six sections cantonales, un comit\u00e9 directeur et un secr\u00e9tariat central.<\/p>\n<p><strong>Notre mission :<\/strong> valoriser ces m\u00e9tiers aupr\u00e8s des autorit\u00e9s, des instituts de formation, des entreprises et du grand public,<\/p>\n<p><strong>Comment ?<\/strong>\u00a0En d\u00e9veloppant des \u00e9v\u00e9nements exclusifs avec des personnalit\u00e9s actives en suisse, avec des r\u00e9ductions et avantages exclusifs, ainsi qu&rsquo;une protection juridique et des tarifs pr\u00e9f\u00e9rentiels aupr\u00e8s de plusieurs instituts de formation en Suisse.<\/p>\n<p>L&rsquo;objectif est de cr\u00e9er des opportunit\u00e9s de rencontre et d&rsquo;\u00e9change au sein de notre association, tout en renfor\u00e7ant les liens avec les acteurs \u00e9conomiques de notre pays.<\/p>\n\t\t\t<a href=\"https:\/\/venditum.ch\/association\/\" target=\"_self\" rel=\"noopener\">\n\t\t\t\t\t\t\tEn savoir plus\n\t\t\t\t\t<\/a>\n<h2>\n\t\t\tNOS SOUTIENS\t<\/h2>\n\t\t\t\t<a href=\"https:\/\/adl.ch\/\" target=\"_blank\" rel=\"noopener\" itemprop=\"url\">\n\t\t\t\t<img decoding=\"async\" src=\"https:\/\/venditum.ch\/wp-content\/uploads\/ADL-logo.svg\" alt=\"ADL-logo\" itemprop=\"image\" height=\"128\" width=\"140\" title=\"ADL-logo\" onerror=\"this.style.display='none'\" loading=\"lazy\" \/>\n\t\t\t\t<\/a>\n\t<p>Sandra Jacot, fondatrice et directrice d&rsquo;ADL accompagne les entreprises de Suisse romande dans leurs projets publicitaires et de signal\u00e9tique, gr\u00e2ce \u00e0 un service complet et des techniques vari\u00e9es. Port\u00e9e par la passion, la qualit\u00e9 et la proximit\u00e9, l&rsquo;\u00e9quipe valorise vos id\u00e9es sur tous supports publicitaires.<\/p>\n\t\t\t\t<a href=\"https:\/\/fly7.ch\/\" target=\"_blank\" rel=\"noopener\" itemprop=\"url\">\n\t\t\t\t<img decoding=\"async\" src=\"https:\/\/venditum.ch\/wp-content\/uploads\/fly-7.png\" alt=\"fly-7\" itemprop=\"image\" height=\"536\" width=\"584\" title=\"fly-7\" onerror=\"this.style.display='none'\" loading=\"lazy\" \/>\n\t\t\t\t<\/a>\n\t<p>Fond\u00e9e en 2011 par Yves Roch, Fly 7 est une compagnie suisse d&rsquo;aviation priv\u00e9e reconnue pour son expertise et son service sur-mesure. Bas\u00e9e \u00e0 Lausanne, elle est la seule en Europe certifi\u00e9e par Pilatus pour former des pilotes sur simulateur.<\/p>\n\t\t\t\t<a href=\"https:\/\/blancarre.com\/shop\/12-la-collection-blancarre\" target=\"_self\" itemprop=\"url\" rel=\"noopener\">\n\t\t\t\t<img decoding=\"async\" src=\"https:\/\/venditum.ch\/wp-content\/uploads\/blancarre.png\" alt=\"blancarre\" itemprop=\"image\" height=\"536\" width=\"584\" title=\"blancarre\" onerror=\"this.style.display='none'\" loading=\"lazy\" \/>\n\t\t\t\t<\/a>\n\t<p>Nicolas Mertenat, fondateur de BLANCARR\u00c9, allie sa passion pour l&rsquo;art contemporain \u00e0 plus de 20 ans d&rsquo;exp\u00e9rience avec des marques de luxe comme Omega ou Dior o\u00f9 il a dirig\u00e9 le design. Il propose avec BLANCARR\u00c9 une vision innovante et ind\u00e9pendante de l&rsquo;horlogerie.<\/p>\n\n","protected":false},"excerpt":{"rendered":"<p>ACTUALIT\u00c9S \u00c9v\u00e9nement &#8211; D\u00e9jeuners d\u00e9couvertes by Venditum &#8211; Section de Gen\u00e8ve Le jeudi 30 octobre, de 12h \u00e0 14h, la section genevoise de Venditum vous invite \u00e0 un d\u00e9jeuner-conf\u00e9rence exceptionnel au Restaurant La Tenuta, sur le th\u00e8me du bien-\u00eatre au travail. Anim\u00e9e par Annika M\u00e5nsson, CEO, Executive Coach-Trainer &amp; Speaker chez Happy at Work, cette&hellip;<\/p>\n","protected":false},"author":3,"featured_media":0,"parent":0,"menu_order":0,"comment_status":"closed","ping_status":"closed","template":"","meta":{"_acf_changed":false,"inline_featured_image":false,"footnotes":""},"class_list":["post-6","page","type-page","status-publish","hentry"],"acf":[],"_links":{"self":[{"href":"https:\/\/venditum.ch\/json\/wp\/v2\/pages\/6"}],"collection":[{"href":"https:\/\/venditum.ch\/json\/wp\/v2\/pages"}],"about":[{"href":"https:\/\/venditum.ch\/json\/wp\/v2\/types\/page"}],"author":[{"embeddable":true,"href":"https:\/\/venditum.ch\/json\/wp\/v2\/users\/3"}],"replies":[{"embeddable":true,"href":"https:\/\/venditum.ch\/json\/wp\/v2\/comments?post=6"}],"version-history":[{"count":42,"href":"https:\/\/venditum.ch\/json\/wp\/v2\/pages\/6\/revisions"}],"predecessor-version":[{"id":2301,"href":"https:\/\/venditum.ch\/json\/wp\/v2\/pages\/6\/revisions\/2301"}],"wp:attachment":[{"href":"https:\/\/venditum.ch\/json\/wp\/v2\/media?parent=6"}],"curies":[{"name":"wp","href":"https:\/\/api.w.org\/{rel}","templated":true}]}}